{"id":768,"date":"2026-03-11T19:12:17","date_gmt":"2026-03-12T00:12:17","guid":{"rendered":"https:\/\/rac.net.co\/nuevositio\/?page_id=768"},"modified":"2026-04-18T15:43:45","modified_gmt":"2026-04-18T20:43:45","slug":"reto-lectura-2026","status":"publish","type":"page","link":"https:\/\/rac.net.co\/nuevositio\/reto-lectura-2026\/","title":{"rendered":"Reto Interestelar de Lectura 2026"},"content":{"rendered":"\n<div style=\"height:60px\" aria-hidden=\"true\" class=\"wp-block-spacer\"><\/div>\n\n\n\n<div class=\"wp-block-columns alignwide is-layout-flex wp-container-core-columns-is-layout-28f84493 wp-block-columns-is-layout-flex\">\n<div class=\"wp-block-column has-background is-layout-flow wp-block-column-is-layout-flow\" style=\"background-color:#4caf50;flex-basis:33.33%\">\n<p class=\"has-text-align-center has-default-color has-text-color has-link-color has-heading-font-family has-large-font-size wp-elements-2e89265518004d05ead6933f4b0a6706\"><strong>Leer para llegar a las estrellas<\/strong><\/p>\n\n\n\n<figure class=\"wp-block-image aligncenter size-large is-resized wp-duotone-purple-green\"><img loading=\"lazy\" decoding=\"async\" width=\"576\" height=\"1024\" src=\"https:\/\/rac.net.co\/nuevositio\/wp-content\/uploads\/2026\/03\/concurso-rac-2026v0-576x1024.webp\" alt=\"\" class=\"wp-image-772\" style=\"width:367px;height:auto\" srcset=\"https:\/\/rac.net.co\/nuevositio\/wp-content\/uploads\/2026\/03\/concurso-rac-2026v0-576x1024.webp 576w, https:\/\/rac.net.co\/nuevositio\/wp-content\/uploads\/2026\/03\/concurso-rac-2026v0-169x300.webp 169w, https:\/\/rac.net.co\/nuevositio\/wp-content\/uploads\/2026\/03\/concurso-rac-2026v0-768x1365.webp 768w, https:\/\/rac.net.co\/nuevositio\/wp-content\/uploads\/2026\/03\/concurso-rac-2026v0-864x1536.webp 864w, https:\/\/rac.net.co\/nuevositio\/wp-content\/uploads\/2026\/03\/concurso-rac-2026v0.webp 900w\" sizes=\"auto, (max-width: 576px) 100vw, 576px\" \/><\/figure>\n\n\n\n<blockquote class=\"wp-block-quote is-layout-flow wp-block-quote-is-layout-flow\">\n<p class=\"has-text-align-center has-default-color has-text-color has-link-color has-heading-font-family has-medium-font-size wp-elements-ab09f1d8336175bfa37faeb33da710a0\"><strong>CONVOCATORIA<\/strong>&nbsp;<\/p>\n\n\n\n<p class=\"has-text-align-center has-default-color has-text-color has-link-color has-heading-font-family has-medium-font-size wp-elements-af66c59c48f5443ac90906da8e316525\">Reto interestelar de lectura 2026 <\/p>\n\n\n\n<div style=\"height:60px\" aria-hidden=\"true\" class=\"wp-block-spacer\"><\/div>\n<\/blockquote>\n<\/div>\n\n\n\n<div class=\"wp-block-column is-layout-flow wp-block-column-is-layout-flow\" style=\"flex-basis:66.66%\">\n<div data-wp-context=\"{ &quot;autoclose&quot;: false, &quot;accordionItems&quot;: [] }\" data-wp-interactive=\"core\/accordion\" role=\"group\" class=\"wp-block-accordion is-layout-flow wp-block-accordion-is-layout-flow\">\n<div data-wp-class--is-open=\"state.isOpen\" data-wp-context=\"{ &quot;id&quot;: &quot;accordion-item-1&quot;, &quot;openByDefault&quot;: false }\" data-wp-init=\"callbacks.initAccordionItems\" data-wp-on-window--hashchange=\"callbacks.hashChange\" class=\"wp-block-accordion-item is-layout-flow wp-block-accordion-item-is-layout-flow\">\n<h3 class=\"wp-block-accordion-heading has-medium-font-size\" style=\"border-width:1px;border-top-left-radius:1px;border-top-right-radius:1px;border-bottom-left-radius:1px;border-bottom-right-radius:1px;font-style:normal;font-weight:200\"><button aria-expanded=\"false\" aria-controls=\"accordion-item-1-panel\" data-wp-bind--aria-expanded=\"state.isOpen\" data-wp-on--click=\"actions.toggle\" data-wp-on--keydown=\"actions.handleKeyDown\" id=\"accordion-item-1\" type=\"button\" class=\"wp-block-accordion-heading__toggle\" style=\"padding-top:var(--wp--preset--spacing--10);padding-bottom:var(--wp--preset--spacing--10)\"><span class=\"wp-block-accordion-heading__toggle-title\">Presentaci\u00f3n<\/span><span class=\"wp-block-accordion-heading__toggle-icon\" aria-hidden=\"true\">+<\/span><\/button><\/h3>\n\n\n\n<div inert aria-labelledby=\"accordion-item-1\" data-wp-bind--inert=\"!state.isOpen\" id=\"accordion-item-1-panel\" role=\"region\" class=\"wp-block-accordion-panel is-layout-flow wp-block-accordion-panel-is-layout-flow\">\n<p>La Red de Astronom\u00eda Colombia, RAC, la Oficina de Astronom\u00eda para la Educaci\u00f3n (OAE) y la Red de Estudiantes Colombianos de Astronom\u00eda RECA invitan a todas las instituciones educativas y agrupaciones asociadas a la RAC y dem\u00e1s interesados en participar en el Reto Interestelar de Lectura 2026, un desaf\u00edo creativo que busca responder a la pregunta central: <strong>\u00bfC\u00f3mo mejorar y lograr que los estudiantes lean m\u00e1s, usando la astronom\u00eda como inspiraci\u00f3n?<\/strong><\/p>\n\n\n\n<p>Los participantes deber\u00e1n dise\u00f1ar una propuesta escrita (m\u00e1ximo 3 p\u00e1ginas) que explique una soluci\u00f3n innovadora, motivadora y viable para fortalecer los h\u00e1bitos de lectura en la escuela, conectando esta acci\u00f3n con temas, fen\u00f3menos o pr\u00e1cticas propias de la astronom\u00eda.&nbsp;La instituci\u00f3n ganadora, en el primer puesto, seg\u00fan su categor\u00eda, recibir\u00e1 un premio de <strong>$1.000.000 COP<\/strong>, destinado a la implementaci\u00f3n de su propuesta lectora o adquisici\u00f3n de instrumentos que inspiran la lectura. M\u00e1s adelante en el documento se detallan los premios para el segundo y tercer puesto.<\/p>\n<\/div>\n<\/div>\n\n\n\n<div data-wp-class--is-open=\"state.isOpen\" data-wp-context=\"{ &quot;id&quot;: &quot;accordion-item-2&quot;, &quot;openByDefault&quot;: false }\" data-wp-init=\"callbacks.initAccordionItems\" data-wp-on-window--hashchange=\"callbacks.hashChange\" class=\"wp-block-accordion-item is-layout-flow wp-block-accordion-item-is-layout-flow\">\n<h3 class=\"wp-block-accordion-heading has-medium-font-size\" style=\"border-width:1px;font-style:normal;font-weight:200\"><button aria-expanded=\"false\" aria-controls=\"accordion-item-2-panel\" data-wp-bind--aria-expanded=\"state.isOpen\" data-wp-on--click=\"actions.toggle\" data-wp-on--keydown=\"actions.handleKeyDown\" id=\"accordion-item-2\" type=\"button\" class=\"wp-block-accordion-heading__toggle\" style=\"padding-top:var(--wp--preset--spacing--10);padding-bottom:var(--wp--preset--spacing--10)\"><span class=\"wp-block-accordion-heading__toggle-title\">Objetivo del reto<\/span><span class=\"wp-block-accordion-heading__toggle-icon\" aria-hidden=\"true\">+<\/span><\/button><\/h3>\n\n\n\n<div inert aria-labelledby=\"accordion-item-2\" data-wp-bind--inert=\"!state.isOpen\" id=\"accordion-item-2-panel\" role=\"region\" class=\"wp-block-accordion-panel is-layout-flow wp-block-accordion-panel-is-layout-flow\">\n<p>Promover el h\u00e1bito de la lectura en estudiantes de primaria y bachillerato\/j\u00f3venes y adultos, mediante iniciativas fundamentadas en el asombro, la curiosidad y la exploraci\u00f3n del universo, aprovechando el potencial narrativo y cient\u00edfico de la astronom\u00eda.<\/p>\n<\/div>\n<\/div>\n\n\n\n<div data-wp-class--is-open=\"state.isOpen\" data-wp-context=\"{ &quot;id&quot;: &quot;accordion-item-3&quot;, &quot;openByDefault&quot;: false }\" data-wp-init=\"callbacks.initAccordionItems\" data-wp-on-window--hashchange=\"callbacks.hashChange\" class=\"wp-block-accordion-item is-layout-flow wp-block-accordion-item-is-layout-flow\">\n<h3 class=\"wp-block-accordion-heading has-medium-font-size\" style=\"border-width:1px;font-style:normal;font-weight:200\"><button aria-expanded=\"false\" aria-controls=\"accordion-item-3-panel\" data-wp-bind--aria-expanded=\"state.isOpen\" data-wp-on--click=\"actions.toggle\" data-wp-on--keydown=\"actions.handleKeyDown\" id=\"accordion-item-3\" type=\"button\" class=\"wp-block-accordion-heading__toggle\" style=\"padding-top:var(--wp--preset--spacing--10);padding-bottom:var(--wp--preset--spacing--10)\"><span class=\"wp-block-accordion-heading__toggle-title\">Participantes<\/span><span class=\"wp-block-accordion-heading__toggle-icon\" aria-hidden=\"true\">+<\/span><\/button><\/h3>\n\n\n\n<div inert aria-labelledby=\"accordion-item-3\" data-wp-bind--inert=\"!state.isOpen\" id=\"accordion-item-3-panel\" role=\"region\" class=\"wp-block-accordion-panel is-layout-flow wp-block-accordion-panel-is-layout-flow\">\n<p>Podr\u00e1n participar:&nbsp;<\/p>\n\n\n\n<ul class=\"wp-block-list\">\n<li>Instituciones educativas p\u00fablicas o privadas. Recibir\u00e1n puntos adicionales si hacen parte de RAC, OAE o RECA.&nbsp;&nbsp;<\/li>\n\n\n\n<li>Estudiantes de <strong>primaria (1\u00b0 a 5\u00b0)<\/strong> y <strong>bachillerato (6\u00b0 a 11\u00b0)<\/strong>, y sus profesores.&nbsp;&nbsp;<\/li>\n<\/ul>\n\n\n\n<p>La propuesta debe ser construida por un <strong>equipo mixto<\/strong> (profesores, divulgadores y estudiantes hombres y mujeres que hagan parte del grupo escolar o club de astronom\u00eda<strong>)<\/strong> de m\u00ednimo 3 estudiantes y un docente acompa\u00f1ante.<\/p>\n<\/div>\n<\/div>\n\n\n\n<div data-wp-class--is-open=\"state.isOpen\" data-wp-context=\"{ &quot;id&quot;: &quot;accordion-item-4&quot;, &quot;openByDefault&quot;: false }\" data-wp-init=\"callbacks.initAccordionItems\" data-wp-on-window--hashchange=\"callbacks.hashChange\" class=\"wp-block-accordion-item is-layout-flow wp-block-accordion-item-is-layout-flow\">\n<h3 class=\"wp-block-accordion-heading has-medium-font-size\" style=\"border-width:1px;font-style:normal;font-weight:200\"><button aria-expanded=\"false\" aria-controls=\"accordion-item-4-panel\" data-wp-bind--aria-expanded=\"state.isOpen\" data-wp-on--click=\"actions.toggle\" data-wp-on--keydown=\"actions.handleKeyDown\" id=\"accordion-item-4\" type=\"button\" class=\"wp-block-accordion-heading__toggle\" style=\"padding-top:var(--wp--preset--spacing--10);padding-bottom:var(--wp--preset--spacing--10)\"><span class=\"wp-block-accordion-heading__toggle-title\">Categor\u00edas de participaci\u00f3n&nbsp;<\/span><span class=\"wp-block-accordion-heading__toggle-icon\" aria-hidden=\"true\">+<\/span><\/button><\/h3>\n\n\n\n<div inert aria-labelledby=\"accordion-item-4\" data-wp-bind--inert=\"!state.isOpen\" id=\"accordion-item-4-panel\" role=\"region\" class=\"wp-block-accordion-panel is-layout-flow wp-block-accordion-panel-is-layout-flow\">\n<p>Las propuestas deber\u00e1n inscribirse en una (1) de las siguientes categor\u00edas:&nbsp;<\/p>\n\n\n\n<p><strong>Categor\u00eda 1 \u2013 Constelaciones Lectoras (Primaria y preescolar)<\/strong>\u00a0<\/p>\n\n\n\n<p>Creaci\u00f3n de estrategias que relacionen:&nbsp;<\/p>\n\n\n\n<ul class=\"wp-block-list\">\n<li>cuentos,&nbsp;<\/li>\n\n\n\n<li>relatos,&nbsp;<\/li>\n\n\n\n<li>leyendas de constelaciones,&nbsp;<\/li>\n\n\n\n<li>actividades l\u00fadicas,&nbsp;<\/li>\n<\/ul>\n\n\n\n<p>con el fortalecimiento del gusto por la lectura en los cursos de primaria.&nbsp;<\/p>\n\n\n\n<p>Deben incluir una lista de libros sugeridos para implementar la lectura en estas edade&nbsp;<\/p>\n\n\n\n<p><strong>Categor\u00eda 2 \u2013 \u00d3rbitas del conocimiento (Bachillerato &#8211; j\u00f3venes y adultos)<\/strong>&nbsp;<\/p>\n\n\n\n<p>Propuestas que conecten:&nbsp;<\/p>\n\n\n\n<ul class=\"wp-block-list\">\n<li>divulgaci\u00f3n cient\u00edfica,&nbsp;<\/li>\n\n\n\n<li>lectura cr\u00edtica,&nbsp;<\/li>\n\n\n\n<li>investigaci\u00f3n escolar,&nbsp;<\/li>\n<\/ul>\n\n\n\n<p>Con temas de astronom\u00eda para motivar la lectura profunda y el pensamiento cient\u00edfico. Deben incluir una lista de libros sugeridos para implementar la lectura en estas edades.&nbsp;<\/p>\n\n\n\n<p><strong>Categor\u00eda 3 \u2013 Innovaci\u00f3n Astron\u00f3mica para Leer M\u00e1s (Categor\u00eda mixta Preescolar, Primaria y Bachillerato)<\/strong>\u00a0<\/p>\n\n\n\n<p>Propuestas tecnol\u00f3gicas o interdisciplinares:&nbsp;<\/p>\n\n\n\n<ul class=\"wp-block-list\">\n<li>apps,&nbsp;<\/li>\n\n\n\n<li>simulaciones,&nbsp;<\/li>\n\n\n\n<li>ferias astron\u00f3micas literarias,&nbsp;<\/li>\n\n\n\n<li>gamificaci\u00f3n,&nbsp;<\/li>\n\n\n\n<li>realidad aumentada,&nbsp;&nbsp;<\/li>\n<\/ul>\n\n\n\n<p>En las anteriores opciones se debe mostrar que la lectura es el eje central de participaci\u00f3n. Deben incluir una lista de libros sugeridos para implementar la lectura en estas edades o recursos de lectura para estas aplicaciones.&nbsp;<\/p>\n<\/div>\n<\/div>\n\n\n\n<div data-wp-class--is-open=\"state.isOpen\" data-wp-context=\"{ &quot;id&quot;: &quot;accordion-item-5&quot;, &quot;openByDefault&quot;: false }\" data-wp-init=\"callbacks.initAccordionItems\" data-wp-on-window--hashchange=\"callbacks.hashChange\" class=\"wp-block-accordion-item is-layout-flow wp-block-accordion-item-is-layout-flow\">\n<h3 class=\"wp-block-accordion-heading has-medium-font-size\" style=\"border-width:1px;font-style:normal;font-weight:200\"><button aria-expanded=\"false\" aria-controls=\"accordion-item-5-panel\" data-wp-bind--aria-expanded=\"state.isOpen\" data-wp-on--click=\"actions.toggle\" data-wp-on--keydown=\"actions.handleKeyDown\" id=\"accordion-item-5\" type=\"button\" class=\"wp-block-accordion-heading__toggle\" style=\"padding-top:var(--wp--preset--spacing--10);padding-bottom:var(--wp--preset--spacing--10)\"><span class=\"wp-block-accordion-heading__toggle-title\">Requisitos del documento (m\u00e1ximo 3 p\u00e1ginas)<\/span><span class=\"wp-block-accordion-heading__toggle-icon\" aria-hidden=\"true\">+<\/span><\/button><\/h3>\n\n\n\n<div inert aria-labelledby=\"accordion-item-5\" data-wp-bind--inert=\"!state.isOpen\" id=\"accordion-item-5-panel\" role=\"region\" class=\"wp-block-accordion-panel is-layout-flow wp-block-accordion-panel-is-layout-flow\">\n<p>La propuesta debe incluir:&nbsp;<\/p>\n\n\n\n<ol class=\"wp-block-list\">\n<li><strong>&nbsp;Descripci\u00f3n de la problem\u00e1tica<\/strong>&nbsp;<\/li>\n<\/ol>\n\n\n\n<p>\u00bfPor qu\u00e9 los estudiantes leen poco en su instituci\u00f3n, club de astronom\u00eda o grupo de estudio de la astronom\u00eda?&nbsp;<\/p>\n\n\n\n<ol start=\"2\" class=\"wp-block-list\">\n<li><strong>Propuesta de soluci\u00f3n<\/strong>&nbsp;<\/li>\n<\/ol>\n\n\n\n<ul class=\"wp-block-list\">\n<li>Objetivo general y objetivos espec\u00edficos&nbsp;<\/li>\n\n\n\n<li>Actividades concretas&nbsp;<\/li>\n\n\n\n<li>Relaci\u00f3n directa con la astronom\u00eda&nbsp;<\/li>\n\n\n\n<li>Materiales o recursos necesarios&nbsp;<\/li>\n\n\n\n<li>Potenciales participantes y responsables&nbsp;<\/li>\n<\/ul>\n\n\n\n<ol start=\"3\" class=\"wp-block-list\">\n<li><strong>Justificaci\u00f3n astron\u00f3mica<\/strong>&nbsp;<\/li>\n<\/ol>\n\n\n\n<p>\u00bfC\u00f3mo se articula la lectura con:&nbsp;<\/p>\n\n\n\n<ul class=\"wp-block-list\">\n<li>el cosmos,&nbsp;<\/li>\n\n\n\n<li>las estrellas,&nbsp;<\/li>\n\n\n\n<li>planetas,&nbsp;<\/li>\n\n\n\n<li>fen\u00f3menos astron\u00f3micos,<\/li>\n\n\n\n<li>misiones espaciales.<\/li>\n<\/ul>\n\n\n\n<p>No tienen que ser todos los anteriores temas si no lo ven conveniente. Incluir ejemplos o analog\u00edas si se desea.&nbsp;<\/p>\n\n\n\n<ol start=\"4\" class=\"wp-block-list\">\n<li><strong>Referentes utilizados<\/strong>&nbsp;<\/li>\n<\/ol>\n\n\n\n<p>M\u00ednimo tres fuentes, que pueden ser: libros de astronom\u00eda o literatura inspirada en el cosmos, art\u00edculos cient\u00edficos, blogs educativos confiables, videos de divulgaci\u00f3n cient\u00edfica (con autor y fecha).&nbsp;<\/p>\n\n\n\n<p><strong>No se aceptar\u00e1n propuestas sin referentes.<\/strong>&nbsp;<\/p>\n\n\n\n<ol start=\"5\" class=\"wp-block-list\">\n<li><strong>Presupuesto estimado<\/strong>&nbsp;<\/li>\n<\/ol>\n\n\n\n<p>Breve descripci\u00f3n de c\u00f3mo se utilizar\u00e1 el premio si la instituci\u00f3n, grupo de estudio o club de astronom\u00eda gana. Aqu\u00ed el dinero se entregar\u00e1 al responsable del grupo: profesor, divulgador, para agilizar la entrega por parte de la Asociaci\u00f3n Red de Astronom\u00eda de Colombia del premio mayor.&nbsp;<\/p>\n<\/div>\n<\/div>\n\n\n\n<div data-wp-class--is-open=\"state.isOpen\" data-wp-context=\"{ &quot;id&quot;: &quot;accordion-item-6&quot;, &quot;openByDefault&quot;: false }\" data-wp-init=\"callbacks.initAccordionItems\" data-wp-on-window--hashchange=\"callbacks.hashChange\" class=\"wp-block-accordion-item is-layout-flow wp-block-accordion-item-is-layout-flow\">\n<h3 class=\"wp-block-accordion-heading has-medium-font-size\" style=\"border-width:1px;font-style:normal;font-weight:200\"><button aria-expanded=\"false\" aria-controls=\"accordion-item-6-panel\" data-wp-bind--aria-expanded=\"state.isOpen\" data-wp-on--click=\"actions.toggle\" data-wp-on--keydown=\"actions.handleKeyDown\" id=\"accordion-item-6\" type=\"button\" class=\"wp-block-accordion-heading__toggle\" style=\"padding-top:var(--wp--preset--spacing--10);padding-bottom:var(--wp--preset--spacing--10)\"><span class=\"wp-block-accordion-heading__toggle-title\">Criterios de evaluaci\u00f3n<\/span><span class=\"wp-block-accordion-heading__toggle-icon\" aria-hidden=\"true\">+<\/span><\/button><\/h3>\n\n\n\n<div inert aria-labelledby=\"accordion-item-6\" data-wp-bind--inert=\"!state.isOpen\" id=\"accordion-item-6-panel\" role=\"region\" class=\"wp-block-accordion-panel is-layout-flow wp-block-accordion-panel-is-layout-flow\">\n<figure class=\"wp-block-image size-full is-resized\"><img loading=\"lazy\" decoding=\"async\" width=\"608\" height=\"361\" src=\"https:\/\/rac.net.co\/nuevositio\/wp-content\/uploads\/2026\/03\/criterios-concurso-lectura-2026.png\" alt=\"\" class=\"wp-image-777\" style=\"width:524px;height:auto\" srcset=\"https:\/\/rac.net.co\/nuevositio\/wp-content\/uploads\/2026\/03\/criterios-concurso-lectura-2026.png 608w, https:\/\/rac.net.co\/nuevositio\/wp-content\/uploads\/2026\/03\/criterios-concurso-lectura-2026-300x178.png 300w\" sizes=\"auto, (max-width: 608px) 100vw, 608px\" \/><\/figure>\n<\/div>\n<\/div>\n\n\n\n<div data-wp-class--is-open=\"state.isOpen\" data-wp-context=\"{ &quot;id&quot;: &quot;accordion-item-7&quot;, &quot;openByDefault&quot;: false }\" data-wp-init=\"callbacks.initAccordionItems\" data-wp-on-window--hashchange=\"callbacks.hashChange\" class=\"wp-block-accordion-item is-layout-flow wp-block-accordion-item-is-layout-flow\">\n<h3 class=\"wp-block-accordion-heading has-medium-font-size\" style=\"border-width:1px;font-style:normal;font-weight:200\"><button aria-expanded=\"false\" aria-controls=\"accordion-item-7-panel\" data-wp-bind--aria-expanded=\"state.isOpen\" data-wp-on--click=\"actions.toggle\" data-wp-on--keydown=\"actions.handleKeyDown\" id=\"accordion-item-7\" type=\"button\" class=\"wp-block-accordion-heading__toggle\" style=\"padding-top:var(--wp--preset--spacing--10);padding-bottom:var(--wp--preset--spacing--10)\"><span class=\"wp-block-accordion-heading__toggle-title\">Premiaci\u00f3n<\/span><span class=\"wp-block-accordion-heading__toggle-icon\" aria-hidden=\"true\">+<\/span><\/button><\/h3>\n\n\n\n<div inert aria-labelledby=\"accordion-item-7\" data-wp-bind--inert=\"!state.isOpen\" id=\"accordion-item-7-panel\" role=\"region\" class=\"wp-block-accordion-panel is-layout-flow wp-block-accordion-panel-is-layout-flow\">\n<p>Es importante que cada instituci\u00f3n, grupo de estudio o club de astronom\u00eda presente una \u00fanica propuesta por categor\u00eda. En cada categor\u00eda se otorgar\u00e1 premiaci\u00f3n a las tres propuestas con los puntajes m\u00e1s altos, de la siguiente manera:<\/p>\n\n\n\n<p class=\"has-medium-font-size\"><strong>Categor\u00eda 1 \u2013 Constelaciones Lectoras (Primaria y preescolar)\u00a0<\/strong><\/p>\n\n\n\n<p>Creaci\u00f3n de estrategias que relacionen:&nbsp;<\/p>\n\n\n\n<ul class=\"wp-block-list\">\n<li>cuentos,&nbsp;<\/li>\n\n\n\n<li>relatos,&nbsp;<\/li>\n\n\n\n<li>leyendas de constelaciones,&nbsp;<\/li>\n\n\n\n<li>actividades l\u00fadicas,&nbsp;<\/li>\n<\/ul>\n\n\n\n<p>con el fortalecimiento del gusto por la lectura en los cursos de primaria.&nbsp;<\/p>\n\n\n\n<p>Deben incluir una lista de libros sugeridos para implementar la lectura en estas edades.&nbsp;<\/p>\n\n\n\n<p>&nbsp;<\/p>\n\n\n\n<p><strong>Primer puesto: $1.000.000 COP&nbsp;<\/strong><\/p>\n\n\n\n<p>Libro<em> La colonizaci\u00f3n del espacio<\/em>. Charla con el autor del libro David Mauricio Guerrero V\u00e9lez&nbsp;<\/p>\n\n\n\n<p>Si el ganador est\u00e1 fuera de la ciudad de Bogot\u00e1 esta charla ser\u00e1 virtual<\/p>\n\n\n\n<p><\/p>\n\n\n\n<p><strong>Segundo puesto:1 libro &#8211; Charla con el autor<\/strong>&nbsp;<\/p>\n\n\n\n<p>Libros De Cristian Goz &#8211; El Sol y el color de las estrellas<\/p>\n\n\n\n<p>Libro<em> La colonizaci\u00f3n del espacio<\/em>. Charla con el autor del libro David Mauricio Guerrero V\u00e9lez&nbsp;<\/p>\n\n\n\n<p>Si el ganador est\u00e1 fuera de la ciudad de Bogot\u00e1, esta charla ser\u00e1 virtual<\/p>\n\n\n\n<p><strong>Tercer puesto: charla con un astr\u00f3nomo o astr\u00f3noma&nbsp;<\/strong><\/p>\n\n\n\n<p>Charla sobre astronom\u00eda con una astr\u00f3noma o&nbsp; astr\u00f3nomo de RECA&nbsp;<\/p>\n\n\n\n<p>Kit de Barco<\/p>\n\n\n\n<div style=\"height:30px\" aria-hidden=\"true\" class=\"wp-block-spacer\"><\/div>\n\n\n\n<p class=\"has-medium-font-size\"><strong>Categor\u00eda 2\u2013 \u00d3rbitas del conocimiento (Bachillerato)&nbsp;<\/strong><\/p>\n\n\n\n<p><strong>Primer puesto: $1.000.000 COP&nbsp;<\/strong><\/p>\n\n\n\n<p>Libro<em> La colonizaci\u00f3n del espacio<\/em>. Charla con el autor del libro David Mauricio Guerrero V\u00e9lez&nbsp;<\/p>\n\n\n\n<p>Si el ganador est\u00e1 fuera de la ciudad de Bogot\u00e1 esta charla ser\u00e1 virtual<\/p>\n\n\n\n<p>&nbsp;<\/p>\n\n\n\n<p><strong>Segundo puesto:1 libro &#8211; Charla con el autor&nbsp;<\/strong><\/p>\n\n\n\n<p>Libro<em> La colonizaci\u00f3n del espacio<\/em>. Charla con el autor del libro David Mauricio Guerrero V\u00e9lez&nbsp;<\/p>\n\n\n\n<p>Libro De Cristian Goez &#8211; Selene y otros mundos<\/p>\n\n\n\n<p>Si el ganador est\u00e1 fuera de la ciudad de Bogot\u00e1, esta charla ser\u00e1 virtual<\/p>\n\n\n\n<p><strong>&nbsp;<\/strong><\/p>\n\n\n\n<p><strong>Tercer puesto: charla con un astr\u00f3nomo o astr\u00f3noma&nbsp;<\/strong><\/p>\n\n\n\n<p>Charla sobre astronom\u00eda con una astr\u00f3noma o&nbsp; astr\u00f3nomo de RECA&nbsp;<\/p>\n\n\n\n<p>Kit de SuperCartas de Juego y Modelos<\/p>\n\n\n\n<div style=\"height:30px\" aria-hidden=\"true\" class=\"wp-block-spacer\"><\/div>\n\n\n\n<p class=\"has-medium-font-size\"><strong>Categor\u00eda 3 \u2013 Innovaci\u00f3n Astron\u00f3mica para Leer M\u00e1s (Categor\u00eda mixta Preescolar, Primaria y Bachillerato)<\/strong>\u00a0<\/p>\n\n\n\n<p><strong>Primer puesto: $1.000.000 COP<\/strong>&nbsp;<\/p>\n\n\n\n<p>Libro <em>La colonizaci\u00f3n del espacio<\/em>. Charla con el autor del libro David Mauricio Guerrero V\u00e9lez&nbsp;<\/p>\n\n\n\n<p>Si el ganador est\u00e1 fuera de la ciudad de Bogot\u00e1 esta charla ser\u00e1 virtual<\/p>\n\n\n\n<p>&nbsp;<\/p>\n\n\n\n<p><strong>Segundo puesto<\/strong>:<strong> 1 libro &#8211; Charla con el autor<\/strong>&nbsp;<\/p>\n\n\n\n<p>Libro<em> La colonizaci\u00f3n del espacio<\/em>. Charla con el autor del libro David Mauricio Guerrero V\u00e9lez&nbsp;<\/p>\n\n\n\n<p>2 talleres espaciales y contextualizados &#8211; Cristian Goez&nbsp;<\/p>\n\n\n\n<p>Si el ganador est\u00e1 fuera de la ciudad de Bogot\u00e1, esta charla ser\u00e1 virtual<\/p>\n\n\n\n<div style=\"height:26px\" aria-hidden=\"true\" class=\"wp-block-spacer\"><\/div>\n\n\n\n<p><strong>Tercer puesto: charla con un astr\u00f3nomo o astr\u00f3noma&nbsp;<\/strong><\/p>\n\n\n\n<p>Charla sobre astronom\u00eda con una astr\u00f3noma o&nbsp; astr\u00f3nomo de RECA&nbsp;<\/p>\n\n\n\n<p>Kit de astronom\u00eda did\u00e1ctico BARCo<\/p>\n\n\n\n<p>Todos los participantes de esta convocatoria recibir\u00e1n un reconocimiento por su participaci\u00f3n por parte de los organizadores.&nbsp;<\/p>\n<\/div>\n<\/div>\n\n\n\n<div data-wp-class--is-open=\"state.isOpen\" data-wp-context=\"{ &quot;id&quot;: &quot;accordion-item-8&quot;, &quot;openByDefault&quot;: false }\" data-wp-init=\"callbacks.initAccordionItems\" data-wp-on-window--hashchange=\"callbacks.hashChange\" class=\"wp-block-accordion-item is-layout-flow wp-block-accordion-item-is-layout-flow\">\n<h3 class=\"wp-block-accordion-heading has-medium-font-size\" style=\"border-width:1px;font-style:normal;font-weight:200\"><button aria-expanded=\"false\" aria-controls=\"accordion-item-8-panel\" data-wp-bind--aria-expanded=\"state.isOpen\" data-wp-on--click=\"actions.toggle\" data-wp-on--keydown=\"actions.handleKeyDown\" id=\"accordion-item-8\" type=\"button\" class=\"wp-block-accordion-heading__toggle\" style=\"padding-top:var(--wp--preset--spacing--10);padding-bottom:var(--wp--preset--spacing--10)\"><span class=\"wp-block-accordion-heading__toggle-title\">Fechas clave<\/span><span class=\"wp-block-accordion-heading__toggle-icon\" aria-hidden=\"true\">+<\/span><\/button><\/h3>\n\n\n\n<div inert aria-labelledby=\"accordion-item-8\" data-wp-bind--inert=\"!state.isOpen\" id=\"accordion-item-8-panel\" role=\"region\" class=\"wp-block-accordion-panel is-layout-flow wp-block-accordion-panel-is-layout-flow\">\n<ul class=\"wp-block-list\">\n<li><strong>Apertura de la convocatoria:<\/strong> 7 de marzo de 2026&nbsp;<\/li>\n\n\n\n<li><strong>Fecha l\u00edmite de entrega:<\/strong> 23 de mayo de 2026&nbsp;<\/li>\n\n\n\n<li><strong>Evaluaci\u00f3n:<\/strong> 25 de mayo al 15 de junio de 2026&nbsp;<\/li>\n<\/ul>\n\n\n\n<p><strong>Publicaci\u00f3n de ganadores:<\/strong> 30 de junio de 2026<\/p>\n<\/div>\n<\/div>\n\n\n\n<div data-wp-class--is-open=\"state.isOpen\" data-wp-context=\"{ &quot;id&quot;: &quot;accordion-item-9&quot;, &quot;openByDefault&quot;: false }\" data-wp-init=\"callbacks.initAccordionItems\" data-wp-on-window--hashchange=\"callbacks.hashChange\" class=\"wp-block-accordion-item is-layout-flow wp-block-accordion-item-is-layout-flow\">\n<h3 class=\"wp-block-accordion-heading has-medium-font-size\" style=\"border-width:1px;font-style:normal;font-weight:200\"><button aria-expanded=\"false\" aria-controls=\"accordion-item-9-panel\" data-wp-bind--aria-expanded=\"state.isOpen\" data-wp-on--click=\"actions.toggle\" data-wp-on--keydown=\"actions.handleKeyDown\" id=\"accordion-item-9\" type=\"button\" class=\"wp-block-accordion-heading__toggle\" style=\"padding-top:var(--wp--preset--spacing--10);padding-bottom:var(--wp--preset--spacing--10)\"><span class=\"wp-block-accordion-heading__toggle-title\">Jurados<\/span><span class=\"wp-block-accordion-heading__toggle-icon\" aria-hidden=\"true\">+<\/span><\/button><\/h3>\n\n\n\n<div inert aria-labelledby=\"accordion-item-9\" data-wp-bind--inert=\"!state.isOpen\" id=\"accordion-item-9-panel\" role=\"region\" class=\"wp-block-accordion-panel is-layout-flow wp-block-accordion-panel-is-layout-flow\">\n<p><strong>Luz \u00c1ngela Cubides<\/strong><\/p>\n\n\n\n<p>Astr\u00f3noma de la Universidad de Florida. Mag\u00edster y especialista en hermen\u00e9utica literaria de la Universidad de Eafit. Divulgadora de ciencias.<\/p>\n\n\n\n<p><strong>Germ\u00e1n Puerta Restrepo&nbsp;<\/strong><\/p>\n\n\n\n<p>Economista de la Universidad de los Andes. Escritor y divulgador cient\u00edfico. Expresidente de la RAC y Director del Planetario de Bogot\u00e1 de 2002 al 2004.<\/p>\n\n\n\n<p><strong>Juan Pablo Uchima-Tamayo<\/strong><\/p>\n\n\n\n<p>Ingeniero F\u00edsico de la Universidad Tecnol\u00f3gica de Pereira. Mag\u00edster y Doctor de la Universidad de La Serena enfocado en la preservaci\u00f3n de los cielos nocturnos y la lucha contra la contaminaci\u00f3n lum\u00ednica en Chile. Analista de datos para la Oficina de Protecci\u00f3n de la Calidad del Cielo del Norte de Chile (OPCC) y miembro activo de RECA.<\/p>\n<\/div>\n<\/div>\n\n\n\n<div data-wp-class--is-open=\"state.isOpen\" data-wp-context=\"{ &quot;id&quot;: &quot;accordion-item-10&quot;, &quot;openByDefault&quot;: false }\" data-wp-init=\"callbacks.initAccordionItems\" data-wp-on-window--hashchange=\"callbacks.hashChange\" class=\"wp-block-accordion-item is-layout-flow wp-block-accordion-item-is-layout-flow\">\n<h3 class=\"wp-block-accordion-heading has-medium-font-size\" style=\"border-width:1px;font-style:normal;font-weight:200\"><button aria-expanded=\"false\" aria-controls=\"accordion-item-10-panel\" data-wp-bind--aria-expanded=\"state.isOpen\" data-wp-on--click=\"actions.toggle\" data-wp-on--keydown=\"actions.handleKeyDown\" id=\"accordion-item-10\" type=\"button\" class=\"wp-block-accordion-heading__toggle\" style=\"padding-top:var(--wp--preset--spacing--10);padding-bottom:var(--wp--preset--spacing--10)\"><span class=\"wp-block-accordion-heading__toggle-title\">Env\u00edo de propuestas<\/span><span class=\"wp-block-accordion-heading__toggle-icon\" aria-hidden=\"true\">+<\/span><\/button><\/h3>\n\n\n\n<div inert aria-labelledby=\"accordion-item-10\" data-wp-bind--inert=\"!state.isOpen\" id=\"accordion-item-10-panel\" role=\"region\" class=\"wp-block-accordion-panel is-layout-flow wp-block-accordion-panel-is-layout-flow\">\n<p>Las propuestas deber\u00e1n enviarse a trav\u00e9s del formulario <a href=\"https:\/\/forms.gle\/Bywass3tv8MrQJT5A\">https:\/\/forms.gle\/Bywass3tv8MrQJT5A<\/a>&nbsp;&nbsp;<\/p>\n\n\n\n<p>Para mayor informaci\u00f3n <a href=\"mailto:info@rac.net.co\">info@rac.net.co<\/a><\/p>\n<\/div>\n<\/div>\n\n\n\n<div data-wp-class--is-open=\"state.isOpen\" data-wp-context=\"{ &quot;id&quot;: &quot;accordion-item-11&quot;, &quot;openByDefault&quot;: false }\" data-wp-init=\"callbacks.initAccordionItems\" data-wp-on-window--hashchange=\"callbacks.hashChange\" class=\"wp-block-accordion-item is-layout-flow wp-block-accordion-item-is-layout-flow\">\n<h3 class=\"wp-block-accordion-heading has-medium-font-size\" style=\"border-width:1px;font-style:normal;font-weight:200\"><button aria-expanded=\"false\" aria-controls=\"accordion-item-11-panel\" data-wp-bind--aria-expanded=\"state.isOpen\" data-wp-on--click=\"actions.toggle\" data-wp-on--keydown=\"actions.handleKeyDown\" id=\"accordion-item-11\" type=\"button\" class=\"wp-block-accordion-heading__toggle\" style=\"padding-top:var(--wp--preset--spacing--10);padding-bottom:var(--wp--preset--spacing--10)\"><span class=\"wp-block-accordion-heading__toggle-title\">Invitaci\u00f3n final<\/span><span class=\"wp-block-accordion-heading__toggle-icon\" aria-hidden=\"true\">+<\/span><\/button><\/h3>\n\n\n\n<div inert aria-labelledby=\"accordion-item-11\" data-wp-bind--inert=\"!state.isOpen\" id=\"accordion-item-11-panel\" role=\"region\" class=\"wp-block-accordion-panel is-layout-flow wp-block-accordion-panel-is-layout-flow\">\n<p>\u00a1Los invitamos a mirar el universo con nuevos ojos!<br>Que las estrellas iluminen nuevas formas de leer, imaginar y aprender.&nbsp;<\/p>\n\n\n\n<p><strong>Porque cada libro es un viaje y cada lector, un explorador del cosmos.<\/strong>&nbsp;<\/p>\n<\/div>\n<\/div>\n<\/div>\n<\/div>\n<\/div>\n\n\n\n<div style=\"height:60px\" aria-hidden=\"true\" class=\"wp-block-spacer\"><\/div>\n","protected":false},"excerpt":{"rendered":"<p>Leer para llegar a las estrellas CONVOCATORIA&nbsp; Reto interestelar de lectura 2026<\/p>\n","protected":false},"author":1,"featured_media":0,"parent":0,"menu_order":0,"comment_status":"closed","ping_status":"closed","template":"","meta":{"footnotes":""},"class_list":["post-768","page","type-page","status-publish","hentry"],"_links":{"self":[{"href":"https:\/\/rac.net.co\/nuevositio\/wp-json\/wp\/v2\/pages\/768","targetHints":{"allow":["GET"]}}],"collection":[{"href":"https:\/\/rac.net.co\/nuevositio\/wp-json\/wp\/v2\/pages"}],"about":[{"href":"https:\/\/rac.net.co\/nuevositio\/wp-json\/wp\/v2\/types\/page"}],"author":[{"embeddable":true,"href":"https:\/\/rac.net.co\/nuevositio\/wp-json\/wp\/v2\/users\/1"}],"replies":[{"embeddable":true,"href":"https:\/\/rac.net.co\/nuevositio\/wp-json\/wp\/v2\/comments?post=768"}],"version-history":[{"count":22,"href":"https:\/\/rac.net.co\/nuevositio\/wp-json\/wp\/v2\/pages\/768\/revisions"}],"predecessor-version":[{"id":836,"href":"https:\/\/rac.net.co\/nuevositio\/wp-json\/wp\/v2\/pages\/768\/revisions\/836"}],"wp:attachment":[{"href":"https:\/\/rac.net.co\/nuevositio\/wp-json\/wp\/v2\/media?parent=768"}],"curies":[{"name":"wp","href":"https:\/\/api.w.org\/{rel}","templated":true}]}}